{"id":58194,"date":"2014-05-16T18:25:06","date_gmt":"2014-05-16T16:25:06","guid":{"rendered":"http:\/\/feuerwehr.vollbuettel.de\/?page_id=58194"},"modified":"2014-05-16T18:25:06","modified_gmt":"2014-05-16T16:25:06","slug":"impressum","status":"publish","type":"page","link":"https:\/\/feuerwehr.vollbuettel.de\/?page_id=58194","title":{"rendered":"Impressum"},"content":{"rendered":"<div><\/div>\n<div>\n<p>Dienstanbieter dieser Seite ist die Feuerwehr Vollb\u00fcttel<\/p>\n<p>Verantwortlicher gem\u00e4\u00df \u00a75 TMG ist Michael Behn.<\/p>\n<h2>Postanschrift<\/h2>\n<address>Michael Behn<br \/>\nLudwig-Jahn-Stra\u00dfe 11<br \/>\n38551 Vollb\u00fcttel<\/address>\n<h2>E-Mail<\/h2>\n<p><a href=\"mailto:Michael.Behn@Piratenpartei-Gifhorn.de\">Michael.Behn@Vollbuettel.de<\/a><\/p>\n<h2>Ladungsf\u00e4hige Anschrift<\/h2>\n<address>Michael Behn<br \/>\nLudwig-Jahn-Stra\u00dfe 11<br \/>\n38551 Vollb\u00fcttel<\/address>\n<h2>Haftung f\u00fcr Inhalte<\/h2>\n<p>Der Betreiber hat alle in seinem Bereich bereitgestellten Informationen nach bestem Wissen und Gewissen erarbeitet und gepr\u00fcft. Es wird jedoch keine Gew\u00e4hr f\u00fcr die Aktualit\u00e4t, Richtigkeit, Vollst\u00e4ndigkeit oder Qualit\u00e4t und jederzeitige Verf\u00fcgbarkeit der bereitgestellten Informationen \u00fcbernommen.<\/p>\n<p>F\u00fcr etwaige Sch\u00e4den, die beim Aufrufen oder Herunterladen von Daten durch Computerviren oder der Installation oder Nutzung von Software verursacht werden, wird nicht gehaftet.<\/p>\n<p>Namentlich gekennzeichnete Internetseiten und Kommentare geben die Auffassungen und Erkenntnisse der abfassenden Personen wieder. Der Betreiber beh\u00e4lt es sich ausdr\u00fccklich vor, einzelne Webseiten, Kommentare oder das gesamte Angebot ohne gesonderte Ank\u00fcndigung zu ver\u00e4ndern, zu erg\u00e4nzen, zu l\u00f6schen oder die Ver\u00f6ffentlichung zeitweise oder endg\u00fcltig einzustellen.<\/p>\n<h2>Links und Verweise<\/h2>\n<p>Der Betreiber ist nur f\u00fcr die &#8222;eigenen Inhalte&#8220;, die er zur Nutzung bereith\u00e4lt, nach den einschl\u00e4gigen Gesetzen verantwortlich.<br \/>\nVon diesen eigenen Inhalten sind Querverweise (&#8222;Links&#8220;) auf die Webseiten anderer Anbieter zu unterscheiden.<\/p>\n<p>Durch den Querverweis vermittelt der Betreiber lediglich den Zugang zur Nutzung dieser Inhalte. F\u00fcr diese &#8222;fremden&#8220; Inhalte ist er nicht verantwortlich, da er die \u00dcbermittlung der Information nicht veranlasst, den Adressaten der \u00fcbermittelten Informationen nicht ausw\u00e4hlt und die \u00fcbermittelten Informationen auch nicht ausgew\u00e4hlt oder ver\u00e4ndert hat. Auch eine automatische kurzzeitige Zwischenspeicherung dieser &#8222;fremden Informationen&#8220; erfolgt wegen der gew\u00e4hlten Aufruf- und Verlinkungsmethodik nicht, so dass sich auch dadurch keine Verantwortlichkeit des Betreibers f\u00fcr diese fremden Inhalte ergibt.<\/p>\n<p>Bei der erstmaligen Verkn\u00fcpfung mit diesen Internetangeboten haben die Autoren der jeweiligen Webseiten oder die Redaktion des Betreibers den fremden Inhalt jedoch daraufhin \u00fcberpr\u00fcft, ob durch ihn eine m\u00f6gliche zivilrechtliche oder strafrechtliche Verantwortlichkeit ausgel\u00f6st wird. Sobald der Betreiber jedoch feststellt oder von anderen darauf hingewiesen wird, dass ein konkretes Angebot, zu dem es einen Link bereitgestellt hat, eine zivil- oder strafrechtliche Verantwortlichkeit ausl\u00f6st, wird es den Verweis auf dieses Angebot unverz\u00fcglich aufheben, soweit es technisch m\u00f6glich und zumutbar ist.<\/p>\n<p>F\u00fcr illegale, fehlerhafte oder unvollst\u00e4ndige Inhalte und insbesondere f\u00fcr Sch\u00e4den, die aus der Nutzung oder Nichtnutzung von Informationen Dritter entstehen, haftet allein der jeweilige Anbieter der Seite, auf welche verwiesen wurde.<\/p>\n<h2>Urheberrecht<\/h2>\n<p>Die durch die Seitenbetreiber erstellten Inhalte und Werke auf diesen Seiten unterliegen dem deutschen Urheberrecht. Soweit nicht anders gekennzeichnet, stehen s\u00e4mtliche Werke dieses Angebots unter einer <a href=\"http:\/\/creativecommons.org\/licenses\/by\/3.0\/de\/\" rel=\"license\"> Creative Commons Namensnennung 3.0 Deutschland Lizenz<\/a>.<\/p>\n<p><img decoding=\"async\" src=\"http:\/\/i.creativecommons.org\/l\/by\/3.0\/de\/88x31.png\" alt=\"\" \/><\/p>\n<p>Sie d\u00fcrfen somit<\/p>\n<ul>\n<li>das Werk bzw. den Inhalt vervielf\u00e4ltigen, verbreiten und \u00f6ffentlich zug\u00e4nglich machen<\/li>\n<li>Abwandlungen und Bearbeitungen des Werkes bzw. Inhaltes anfertigen<\/li>\n<li>das Werk kommerziell nutzen<\/li>\n<\/ul>\n<p>Zu den folgenden Bedingungen:<\/p>\n<ul>\n<li><b>Namensnennung<\/b> &#8211; Sie m\u00fcssen den Namen des Autors\/Rechteinhabers in der von ihm festgelegten Weise nennen.<\/li>\n<\/ul>\n<h3>Verwendete Werke und Lizenzen innerhalb dieses Webauftritts<\/h3>\n<p>Dieses Webangebot verwendet folgende Werke von Dritten:<\/p>\n<h3>Credits<\/h3>\n<p>Das WordPress-Theme wurde entwickelt von:<\/p>\n<ul>\n<li><a title=\"Eureka Theme by Vicky Arulsingam\" href=\"http:\/\/www.xwolf.de\" rel=\"generator\">Eureka theme by Vicky Arulsingam<\/a><\/li>\n<\/ul>\n<p>Soweit die Inhalte auf dieser Seite nicht vom Betreiber erstellt wurden, werden die Urheberrechte Dritter beachtet. Insbesondere werden Inhalte Dritter als solche gekennzeichnet. Sollten Sie trotzdem auf eine Urheberrechtsverletzung aufmerksam werden, bitten wir um einen entsprechenden Hinweis. Bei Bekanntwerden von Rechtsverletzungen werden wir derartige Inhalte umgehend entfernen.<\/p>\n<h2>Datenschutz<\/h2>\n<p>Die Nutzung unserer Webseite ist in der Regel ohne Angabe personenbezogener Daten m\u00f6glich. Die Speicherung von Verbindungsdaten erfolgt nicht. Soweit auf unseren Seiten personenbezogene Daten (beispielsweise Name, Anschrift oder eMail-Adressen) erhoben werden, erfolgt dies, soweit m\u00f6glich, stets auf freiwilliger Basis. Diese Daten werden ohne Ihre ausdr\u00fcckliche Zustimmung nicht an Dritte weitergegeben.<\/p>\n<p>Wir weisen darauf hin, dass die Daten\u00fcbertragung im Internet (z.B. bei der Kommunikation per E-Mail) Sicherheitsl\u00fccken aufweisen kann. Ein l\u00fcckenloser Schutz der Daten vor dem Zugriff durch Dritte ist nicht m\u00f6glich. Der Nutzung von im Rahmen der Impressumspflicht ver\u00f6ffentlichten Kontaktdaten durch Dritte zur \u00dcbersendung von nicht ausdr\u00fccklich angeforderter Werbung und Informationsmaterialien wird hiermit ausdr\u00fccklich widersprochen. Die Betreiber der Seiten behalten sich ausdr\u00fccklich rechtliche Schritte im Falle der unverlangten Zusendung von Werbeinformationen, etwa durch Spam-Mails, vor.<\/p>\n<\/div>\n","protected":false},"excerpt":{"rendered":"<p>Dienstanbieter dieser Seite ist die Feuerwehr Vollb\u00fcttel Verantwortlicher gem\u00e4\u00df \u00a75 TMG ist Michael Behn. Postanschrift Michael Behn Ludwig-Jahn-Stra\u00dfe 11 38551 Vollb\u00fcttel E-Mail Michael.Behn@Vollbuettel.de Ladungsf\u00e4hige Anschrift Michael Behn Ludwig-Jahn-Stra\u00dfe 11 38551 Vollb\u00fcttel Haftung f\u00fcr Inhalte Der Betreiber hat alle in seinem Bereich bereitgestellten Informationen nach bestem Wissen und Gewissen erarbeitet und gepr\u00fcft. Es wird jedoch keine [&hellip;]<\/p>\n","protected":false},"author":2,"featured_media":0,"parent":0,"menu_order":0,"comment_status":"closed","ping_status":"closed","template":"","meta":{"footnotes":""},"class_list":["post-58194","page","type-page","status-publish","hentry","bubble-right"],"_links":{"self":[{"href":"https:\/\/feuerwehr.vollbuettel.de\/index.php?rest_route=\/wp\/v2\/pages\/58194","targetHints":{"allow":["GET"]}}],"collection":[{"href":"https:\/\/feuerwehr.vollbuettel.de\/index.php?rest_route=\/wp\/v2\/pages"}],"about":[{"href":"https:\/\/feuerwehr.vollbuettel.de\/index.php?rest_route=\/wp\/v2\/types\/page"}],"author":[{"embeddable":true,"href":"https:\/\/feuerwehr.vollbuettel.de\/index.php?rest_route=\/wp\/v2\/users\/2"}],"replies":[{"embeddable":true,"href":"https:\/\/feuerwehr.vollbuettel.de\/index.php?rest_route=%2Fwp%2Fv2%2Fcomments&post=58194"}],"version-history":[{"count":1,"href":"https:\/\/feuerwehr.vollbuettel.de\/index.php?rest_route=\/wp\/v2\/pages\/58194\/revisions"}],"predecessor-version":[{"id":58195,"href":"https:\/\/feuerwehr.vollbuettel.de\/index.php?rest_route=\/wp\/v2\/pages\/58194\/revisions\/58195"}],"wp:attachment":[{"href":"https:\/\/feuerwehr.vollbuettel.de\/index.php?rest_route=%2Fwp%2Fv2%2Fmedia&parent=58194"}],"curies":[{"name":"wp","href":"https:\/\/api.w.org\/{rel}","templated":true}]}}